{"id":84895,"date":"2025-05-30T09:37:26","date_gmt":"2025-05-30T07:37:26","guid":{"rendered":"https:\/\/www.transport-logistics.be\/session\/fourgonnettes-et-camions-electriques-quels-sont-les-facteurs-a-prendre-en-compte-par-les-entreprises-et-les-pouvoirs-publics\/"},"modified":"2025-10-02T14:07:55","modified_gmt":"2025-10-02T12:07:55","slug":"fourgonnettes-et-camions-electriques-quels-sont-les-facteurs-a-prendre-en-compte-par-les-entreprises-et-les-pouvoirs-publics","status":"publish","type":"activity","link":"https:\/\/www.transport-logistics.be\/fr\/session\/fourgonnettes-et-camions-electriques-quels-sont-les-facteurs-a-prendre-en-compte-par-les-entreprises-et-les-pouvoirs-publics\/","title":{"rendered":"Fourgonnettes et camions \u00e9lectriques : quels sont les facteurs \u00e0 prendre en compte par les entreprises et les pouvoirs publics ?"},"content":{"rendered":"\n<p>\u00c0 la demande du minist\u00e8re flamand de la Mobilit\u00e9 et des Travaux publics (MOW), The New Drive, en collaboration avec l&rsquo;Universit\u00e9 d&rsquo;Anvers et Arcadis, a r\u00e9alis\u00e9 une \u00e9tude sur la strat\u00e9gie des camionnettes et camions de livraison \u00e9lectriques en Flandre. Dans cette \u00e9tude, nous avons examin\u00e9 le potentiel, les lieux de recharge possibles et les mesures politiques potentielles, ainsi que le r\u00f4le que les entreprises peuvent jouer dans cette transition.<\/p>\n","protected":false},"excerpt":{"rendered":"<p>\u00c0 la demande du minist\u00e8re flamand de la Mobilit\u00e9 et des Travaux publics (MOW), The New Drive, en collaboration avec l&rsquo;Universit\u00e9 d&rsquo;Anvers et Arcadis, a r\u00e9alis\u00e9 une \u00e9tude sur la strat\u00e9gie des camionnettes et camions de livraison \u00e9lectriques en Flandre. Dans cette \u00e9tude, nous avons examin\u00e9 le potentiel, les lieux de recharge possibles et les [&hellip;]<\/p>\n","protected":false},"featured_media":0,"template":"","meta":{"_seopress_robots_primary_cat":"","_seopress_titles_title":"The New Drive | Transport & Logistics ","_seopress_titles_desc":"Fourgonnettes et camions \u00e9lectriques : quels sont les facteurs \u00e0 prendre en compte par les entreprises et les pouvoirs publics ?","_seopress_robots_index":"","_activity_time_start":"13:00","_activity_time_end":"14:00","_activity_date":"2025-10-16","_activity_price":"","footnotes":""},"edition":[],"location":[381],"track":[],"activity_type":[],"class_list":["post-84895","activity","type-activity","status-publish","hentry","location-dock-2"],"_guests":[{"href":"https:\/\/www.transport-logistics.be\/fr\/wp-json\/wp\/v2\/guest\/127413"}],"_sponsors":[],"_cover_image":null,"_links":{"self":[{"href":"https:\/\/www.transport-logistics.be\/fr\/wp-json\/wp\/v2\/activity\/84895","targetHints":{"allow":["GET"]}}],"collection":[{"href":"https:\/\/www.transport-logistics.be\/fr\/wp-json\/wp\/v2\/activity"}],"about":[{"href":"https:\/\/www.transport-logistics.be\/fr\/wp-json\/wp\/v2\/types\/activity"}],"version-history":[{"count":1,"href":"https:\/\/www.transport-logistics.be\/fr\/wp-json\/wp\/v2\/activity\/84895\/revisions"}],"predecessor-version":[{"id":84896,"href":"https:\/\/www.transport-logistics.be\/fr\/wp-json\/wp\/v2\/activity\/84895\/revisions\/84896"}],"wp:attachment":[{"href":"https:\/\/www.transport-logistics.be\/fr\/wp-json\/wp\/v2\/media?parent=84895"}],"wp:term":[{"taxonomy":"edition","embeddable":true,"href":"https:\/\/www.transport-logistics.be\/fr\/wp-json\/wp\/v2\/edition?post=84895"},{"taxonomy":"location","embeddable":true,"href":"https:\/\/www.transport-logistics.be\/fr\/wp-json\/wp\/v2\/location?post=84895"},{"taxonomy":"track","embeddable":true,"href":"https:\/\/www.transport-logistics.be\/fr\/wp-json\/wp\/v2\/track?post=84895"},{"taxonomy":"activity_type","embeddable":true,"href":"https:\/\/www.transport-logistics.be\/fr\/wp-json\/wp\/v2\/activity_type?post=84895"}],"curies":[{"name":"wp","href":"https:\/\/api.w.org\/{rel}","templated":true}]}}