{"id":100721,"date":"2025-08-21T08:23:48","date_gmt":"2025-08-21T06:23:48","guid":{"rendered":"https:\/\/www.transport-logistics.be\/resautage\/"},"modified":"2025-09-15T17:03:00","modified_gmt":"2025-09-15T15:03:00","slug":"resautage","status":"publish","type":"page","link":"https:\/\/www.transport-logistics.be\/fr\/resautage\/","title":{"rendered":"R\u00e9sautage"},"content":{"rendered":"\t\t<div data-elementor-type=\"wp-page\" data-elementor-id=\"100721\" class=\"elementor elementor-100721 elementor-96165\" data-elementor-post-type=\"page\">\n\t\t\t\t<div class=\"elementor-element elementor-element-ca10473 e-flex e-con-boxed e-con e-parent\" data-id=\"ca10473\" data-element_type=\"container\">\n\t\t\t\t\t<div class=\"e-con-inner\">\n\t\t\t\t<div class=\"elementor-element elementor-element-d64e62d elementor-widget elementor-widget-heading\" data-id=\"d64e62d\" data-element_type=\"widget\" data-widget_type=\"heading.default\">\n\t\t\t\t<div class=\"elementor-widget-container\">\n\t\t\t\t\t<h1 class=\"elementor-heading-title elementor-size-default\">R\u00e9seautage sur <br>Transport &amp; Logistics<\/h1>\t\t\t\t<\/div>\n\t\t\t\t<\/div>\n\t\t\t\t<div class=\"elementor-element elementor-element-aa524cf elementor-widget elementor-widget-text-editor\" data-id=\"aa524cf\" data-element_type=\"widget\" data-widget_type=\"text-editor.default\">\n\t\t\t\t<div class=\"elementor-widget-container\">\n\t\t\t\t\t\t\t\t\t<p>Transport &amp; Logistics 2025 est l&rsquo;endroit id\u00e9al pour nouer de nouveaux contacts et renforcer les relations existantes. Rencontrez des coll\u00e8gues du secteur, partagez vos connaissances et d\u00e9couvrez des opportunit\u00e9s de collaborations fructueuses. Au cours des diff\u00e9rentes activit\u00e9s de r\u00e9seautage, vous d\u00e9couvrirez les nombreuses possibilit\u00e9s d&rsquo;engager la conversation et d&rsquo;\u00e9largir votre r\u00e9seau.<\/p>\n\t\t\t\t\t\t\t\t<\/div>\n\t\t\t\t<\/div>\n\t\t\t\t\t<\/div>\n\t\t\t\t<\/div>\n\t\t<div class=\"elementor-element elementor-element-2ddbdf7 e-con-full e-flex e-con e-parent\" data-id=\"2ddbdf7\" data-element_type=\"container\" data-settings=\"{&quot;background_background&quot;:&quot;classic&quot;}\">\n\t\t<div class=\"elementor-element elementor-element-2529b7a e-flex e-con-boxed e-con e-child\" data-id=\"2529b7a\" data-element_type=\"container\">\n\t\t\t\t\t<div class=\"e-con-inner\">\n\t\t<div class=\"elementor-element elementor-element-b554e68 e-con-full e-flex e-con e-child\" data-id=\"b554e68\" data-element_type=\"container\" data-settings=\"{&quot;background_background&quot;:&quot;classic&quot;}\">\n\t\t<div class=\"elementor-element elementor-element-5970db8 e-con-full e-flex e-con e-child\" data-id=\"5970db8\" data-element_type=\"container\">\n\t\t\t\t<div class=\"elementor-element elementor-element-f59e1e8 elementor-widget elementor-widget-heading\" data-id=\"f59e1e8\" data-element_type=\"widget\" data-widget_type=\"heading.default\">\n\t\t\t\t<div class=\"elementor-widget-container\">\n\t\t\t\t\t<h2 class=\"elementor-heading-title elementor-size-default\">XTRAt!me by KMOinsider &amp; Netwerkers.be<\/h2>\t\t\t\t<\/div>\n\t\t\t\t<\/div>\n\t\t\t\t<\/div>\n\t\t\t\t<\/div>\n\t\t<div class=\"elementor-element elementor-element-01ac953 e-con-full e-flex e-con e-child\" data-id=\"01ac953\" data-element_type=\"container\" data-settings=\"{&quot;background_background&quot;:&quot;classic&quot;}\">\n\t\t<div class=\"elementor-element elementor-element-34cfaf6 e-con-full e-flex e-con e-child\" data-id=\"34cfaf6\" data-element_type=\"container\" data-settings=\"{&quot;background_background&quot;:&quot;classic&quot;}\">\n\t\t\t\t<div class=\"elementor-element elementor-element-64c8212 elementor-widget elementor-widget-image\" data-id=\"64c8212\" data-element_type=\"widget\" data-widget_type=\"image.default\">\n\t\t\t\t<div class=\"elementor-widget-container\">\n\t\t\t\t\t\t\t\t\t\t\t\t\t\t\t<img fetchpriority=\"high\" decoding=\"async\" width=\"800\" height=\"534\" src=\"https:\/\/easyfairsassets.com\/sites\/239\/2025\/09\/53305069604_5e0ce05890_b.jpg\" class=\"attachment-large size-large wp-image-105037\" alt=\"conferentie TLA23\" srcset=\"https:\/\/easyfairsassets.com\/sites\/239\/2025\/09\/53305069604_5e0ce05890_b.jpg 1024w, https:\/\/easyfairsassets.com\/sites\/239\/2025\/09\/53305069604_5e0ce05890_b-300x200.jpg 300w, https:\/\/easyfairsassets.com\/sites\/239\/2025\/09\/53305069604_5e0ce05890_b-768x512.jpg 768w\" sizes=\"(max-width: 800px) 100vw, 800px\" \/>\t\t\t\t\t\t\t\t\t\t\t\t\t\t\t<\/div>\n\t\t\t\t<\/div>\n\t\t\t\t<div class=\"elementor-element elementor-element-e5af0da elementor-widget elementor-widget-heading\" data-id=\"e5af0da\" data-element_type=\"widget\" data-widget_type=\"heading.default\">\n\t\t\t\t<div class=\"elementor-widget-container\">\n\t\t\t\t\t<h2 class=\"elementor-heading-title elementor-size-default\">Business @ Breakfast<\/h2>\t\t\t\t<\/div>\n\t\t\t\t<\/div>\n\t\t\t\t<div class=\"elementor-element elementor-element-dad47e1 elementor-widget elementor-widget-heading\" data-id=\"dad47e1\" data-element_type=\"widget\" data-widget_type=\"heading.default\">\n\t\t\t\t<div class=\"elementor-widget-container\">\n\t\t\t\t\t<h4 class=\"elementor-heading-title elementor-size-default\">Mardi 14 octobre<\/h4>\t\t\t\t<\/div>\n\t\t\t\t<\/div>\n\t\t\t\t<div class=\"elementor-element elementor-element-f04ea28 elementor-widget elementor-widget-heading\" data-id=\"f04ea28\" data-element_type=\"widget\" data-widget_type=\"heading.default\">\n\t\t\t\t<div class=\"elementor-widget-container\">\n\t\t\t\t\t<h6 class=\"elementor-heading-title elementor-size-default\">10h00 - 12h00<\/h6>\t\t\t\t<\/div>\n\t\t\t\t<\/div>\n\t\t\t\t<div class=\"elementor-element elementor-element-3cd0b75 elementor-widget elementor-widget-text-editor\" data-id=\"3cd0b75\" data-element_type=\"widget\" data-widget_type=\"text-editor.default\">\n\t\t\t\t<div class=\"elementor-widget-container\">\n\t\t\t\t\t\t\t\t\t<p><strong>KMOinsider et Netwerkers.be<\/strong> organisent, dans le cadre du salon Transport &amp; Logistics, une table ronde inspirante sur le th\u00e8me \u00ab L<strong>es acteurs qui changent la donne dans le domaine des ressources humaines dans le secteur du transport et de la logistique<\/strong> \u00bb. Des experts du secteur et du monde universitaire discuteront de la mani\u00e8re dont les entreprises font face \u00e0 la p\u00e9nurie de main-d&rsquo;\u0153uvre, \u00e0 la num\u00e9risation, \u00e0 l&rsquo;automatisation, aux attentes des jeunes talents tels que la g\u00e9n\u00e9ration Z, et bien plus encore.<\/p>\n\t\t\t\t\t\t\t\t<\/div>\n\t\t\t\t<\/div>\n\t\t\t\t<div class=\"elementor-element elementor-element-c47aa5d elementor-align-center elementor-widget elementor-widget-dynamic-button\" data-id=\"c47aa5d\" data-element_type=\"widget\" data-widget_type=\"dynamic-button.default\">\n\t\t\t\t<div class=\"elementor-widget-container\">\n\t\t\t\t\t        <div class=\"elementor-button-wrapper\">\n            <a href=\"https:\/\/www.netwerkers.be\/event\/xtrat-me-by-kmoinsider-netwerkers-be-35\/page\/introductie-xtrat-me-by-kmoinsider-netwerkers-be\" target=\"_blank\" class=\"elementor-button-link elementor-button elementor-size-sm\" role=\"button\">\n                        <span class=\"elementor-button-content-wrapper\">\n\t\t\t\t\t\t<span class=\"elementor-button-text\">Inscrivez-vous ici<\/span>\n\t\t<\/span>\n                    <\/a>\n        <\/div>\n        \t\t\t\t<\/div>\n\t\t\t\t<\/div>\n\t\t\t\t<\/div>\n\t\t<div class=\"elementor-element elementor-element-27bcffb e-con-full e-flex e-con e-child\" data-id=\"27bcffb\" data-element_type=\"container\" data-settings=\"{&quot;background_background&quot;:&quot;classic&quot;}\">\n\t\t\t\t<div class=\"elementor-element elementor-element-de58d1f elementor-widget elementor-widget-image\" data-id=\"de58d1f\" data-element_type=\"widget\" data-widget_type=\"image.default\">\n\t\t\t\t<div class=\"elementor-widget-container\">\n\t\t\t\t\t\t\t\t\t\t\t\t\t\t\t<img decoding=\"async\" width=\"800\" height=\"534\" src=\"https:\/\/easyfairsassets.com\/sites\/239\/2025\/09\/53304698974_c164a082e0_b.jpg\" class=\"attachment-large size-large wp-image-105050\" alt=\"b@b TLA23\" srcset=\"https:\/\/easyfairsassets.com\/sites\/239\/2025\/09\/53304698974_c164a082e0_b.jpg 1024w, https:\/\/easyfairsassets.com\/sites\/239\/2025\/09\/53304698974_c164a082e0_b-300x200.jpg 300w, https:\/\/easyfairsassets.com\/sites\/239\/2025\/09\/53304698974_c164a082e0_b-768x512.jpg 768w\" sizes=\"(max-width: 800px) 100vw, 800px\" \/>\t\t\t\t\t\t\t\t\t\t\t\t\t\t\t<\/div>\n\t\t\t\t<\/div>\n\t\t\t\t<div class=\"elementor-element elementor-element-b3d3310 elementor-widget elementor-widget-heading\" data-id=\"b3d3310\" data-element_type=\"widget\" data-widget_type=\"heading.default\">\n\t\t\t\t<div class=\"elementor-widget-container\">\n\t\t\t\t\t<h2 class=\"elementor-heading-title elementor-size-default\">Business @ <br>Lunch<\/h2>\t\t\t\t<\/div>\n\t\t\t\t<\/div>\n\t\t\t\t<div class=\"elementor-element elementor-element-f81262d elementor-widget elementor-widget-heading\" data-id=\"f81262d\" data-element_type=\"widget\" data-widget_type=\"heading.default\">\n\t\t\t\t<div class=\"elementor-widget-container\">\n\t\t\t\t\t<h4 class=\"elementor-heading-title elementor-size-default\">Mardi 14 octobre<\/h4>\t\t\t\t<\/div>\n\t\t\t\t<\/div>\n\t\t\t\t<div class=\"elementor-element elementor-element-d9b34a8 elementor-widget elementor-widget-heading\" data-id=\"d9b34a8\" data-element_type=\"widget\" data-widget_type=\"heading.default\">\n\t\t\t\t<div class=\"elementor-widget-container\">\n\t\t\t\t\t<h6 class=\"elementor-heading-title elementor-size-default\">12h00 - 12h50<\/h6>\t\t\t\t<\/div>\n\t\t\t\t<\/div>\n\t\t\t\t<div class=\"elementor-element elementor-element-d17dcf3 elementor-widget elementor-widget-text-editor\" data-id=\"d17dcf3\" data-element_type=\"widget\" data-widget_type=\"text-editor.default\">\n\t\t\t\t<div class=\"elementor-widget-container\">\n\t\t\t\t\t\t\t\t\t<p>Venez rencontrer des coll\u00e8gues du secteur lors d&rsquo;un moment de r\u00e9seautage d\u00e9contract\u00e9, accompagn\u00e9 d&rsquo;un d\u00e9licieux d\u00e9jeuner compos\u00e9 de sandwichs.<br \/>C&rsquo;est dans une ambiance d\u00e9tendue que naissent les meilleures conversations et les relations les plus enrichissantes.<\/p>\n\t\t\t\t\t\t\t\t<\/div>\n\t\t\t\t<\/div>\n\t\t\t\t<div class=\"elementor-element elementor-element-0c91044 elementor-align-center elementor-widget elementor-widget-dynamic-button\" data-id=\"0c91044\" data-element_type=\"widget\" data-widget_type=\"dynamic-button.default\">\n\t\t\t\t<div class=\"elementor-widget-container\">\n\t\t\t\t\t        <div class=\"elementor-button-wrapper\">\n            <a href=\"https:\/\/www.netwerkers.be\/event\/xtrat-me-by-kmoinsider-netwerkers-be-35\/page\/introductie-xtrat-me-by-kmoinsider-netwerkers-be\" target=\"_blank\" class=\"elementor-button-link elementor-button elementor-size-sm\" role=\"button\">\n                        <span class=\"elementor-button-content-wrapper\">\n\t\t\t\t\t\t<span class=\"elementor-button-text\">Inscrivez-vous ici<\/span>\n\t\t<\/span>\n                    <\/a>\n        <\/div>\n        \t\t\t\t<\/div>\n\t\t\t\t<\/div>\n\t\t\t\t<\/div>\n\t\t<div class=\"elementor-element elementor-element-431826c e-con-full e-flex e-con e-child\" data-id=\"431826c\" data-element_type=\"container\" data-settings=\"{&quot;background_background&quot;:&quot;classic&quot;}\">\n\t\t\t\t<div class=\"elementor-element elementor-element-69dfa5b elementor-widget elementor-widget-image\" data-id=\"69dfa5b\" data-element_type=\"widget\" data-widget_type=\"image.default\">\n\t\t\t\t<div class=\"elementor-widget-container\">\n\t\t\t\t\t\t\t\t\t\t\t\t\t\t\t<img decoding=\"async\" width=\"800\" height=\"534\" src=\"https:\/\/easyfairsassets.com\/sites\/239\/2025\/09\/53304697814_5e09b7bcca_b-1.jpg\" class=\"attachment-large size-large wp-image-105054\" alt=\"b@b TLA23\" srcset=\"https:\/\/easyfairsassets.com\/sites\/239\/2025\/09\/53304697814_5e09b7bcca_b-1.jpg 1024w, https:\/\/easyfairsassets.com\/sites\/239\/2025\/09\/53304697814_5e09b7bcca_b-1-300x200.jpg 300w, https:\/\/easyfairsassets.com\/sites\/239\/2025\/09\/53304697814_5e09b7bcca_b-1-768x512.jpg 768w\" sizes=\"(max-width: 800px) 100vw, 800px\" \/>\t\t\t\t\t\t\t\t\t\t\t\t\t\t\t<\/div>\n\t\t\t\t<\/div>\n\t\t\t\t<div class=\"elementor-element elementor-element-b39c83b elementor-widget elementor-widget-heading\" data-id=\"b39c83b\" data-element_type=\"widget\" data-widget_type=\"heading.default\">\n\t\t\t\t<div class=\"elementor-widget-container\">\n\t\t\t\t\t<h2 class=\"elementor-heading-title elementor-size-default\">Xtrat!me Netwerk Tables th\u00e9matiques<\/h2>\t\t\t\t<\/div>\n\t\t\t\t<\/div>\n\t\t\t\t<div class=\"elementor-element elementor-element-41bca96 elementor-widget elementor-widget-heading\" data-id=\"41bca96\" data-element_type=\"widget\" data-widget_type=\"heading.default\">\n\t\t\t\t<div class=\"elementor-widget-container\">\n\t\t\t\t\t<h4 class=\"elementor-heading-title elementor-size-default\">Mardi 14 octobre<\/h4>\t\t\t\t<\/div>\n\t\t\t\t<\/div>\n\t\t\t\t<div class=\"elementor-element elementor-element-ee735e4 elementor-widget elementor-widget-heading\" data-id=\"ee735e4\" data-element_type=\"widget\" data-widget_type=\"heading.default\">\n\t\t\t\t<div class=\"elementor-widget-container\">\n\t\t\t\t\t<h6 class=\"elementor-heading-title elementor-size-default\">12h50 - 15h00<\/h6>\t\t\t\t<\/div>\n\t\t\t\t<\/div>\n\t\t\t\t<div class=\"elementor-element elementor-element-fa67749 elementor-widget elementor-widget-text-editor\" data-id=\"fa67749\" data-element_type=\"widget\" data-widget_type=\"text-editor.default\">\n\t\t\t\t<div class=\"elementor-widget-container\">\n\t\t\t\t\t\t\t\t\t<p>D\u00e9couvrez un environnement de r\u00e9seautage unique avec<strong> 30 tables th\u00e9matiques<\/strong>, chacune anim\u00e9e par un mod\u00e9rateur expert, o\u00f9 150 participants <strong>auront l&rsquo;occasion de nouer des relations pr\u00e9cieuses et d&rsquo;\u00e9changer leurs connaissances.<\/strong><\/p>\n\t\t\t\t\t\t\t\t<\/div>\n\t\t\t\t<\/div>\n\t\t\t\t<div class=\"elementor-element elementor-element-17e60a0 elementor-align-center elementor-widget elementor-widget-dynamic-button\" data-id=\"17e60a0\" data-element_type=\"widget\" data-widget_type=\"dynamic-button.default\">\n\t\t\t\t<div class=\"elementor-widget-container\">\n\t\t\t\t\t        <div class=\"elementor-button-wrapper\">\n            <a href=\"https:\/\/www.netwerkers.be\/event\/xtrat-me-by-kmoinsider-netwerkers-be-35\/page\/introductie-xtrat-me-by-kmoinsider-netwerkers-be\" target=\"_blank\" class=\"elementor-button-link elementor-button elementor-size-sm\" role=\"button\">\n                        <span class=\"elementor-button-content-wrapper\">\n\t\t\t\t\t\t<span class=\"elementor-button-text\">Inscrivez-vous ici<\/span>\n\t\t<\/span>\n                    <\/a>\n        <\/div>\n        \t\t\t\t<\/div>\n\t\t\t\t<\/div>\n\t\t\t\t<\/div>\n\t\t\t\t<\/div>\n\t\t<div class=\"elementor-element elementor-element-e772d7d e-con-full e-flex e-con e-child\" data-id=\"e772d7d\" data-element_type=\"container\" data-settings=\"{&quot;background_background&quot;:&quot;classic&quot;}\">\n\t\t<div class=\"elementor-element elementor-element-3f16b9f e-con-full e-flex e-con e-child\" data-id=\"3f16b9f\" data-element_type=\"container\" data-settings=\"{&quot;background_background&quot;:&quot;classic&quot;}\">\n\t\t\t\t<\/div>\n\t\t<div class=\"elementor-element elementor-element-b152d0d e-con-full e-flex e-con e-child\" data-id=\"b152d0d\" data-element_type=\"container\">\n\t\t\t\t<div class=\"elementor-element elementor-element-68a5d7c elementor-widget elementor-widget-heading\" data-id=\"68a5d7c\" data-element_type=\"widget\" data-widget_type=\"heading.default\">\n\t\t\t\t<div class=\"elementor-widget-container\">\n\t\t\t\t\t<h2 class=\"elementor-heading-title elementor-size-default\">transport &amp; logistics gazellen awards\u200b<\/h2>\t\t\t\t<\/div>\n\t\t\t\t<\/div>\n\t\t\t\t<div class=\"elementor-element elementor-element-8f2dc45 elementor-widget elementor-widget-heading\" data-id=\"8f2dc45\" data-element_type=\"widget\" data-widget_type=\"heading.default\">\n\t\t\t\t<div class=\"elementor-widget-container\">\n\t\t\t\t\t<h4 class=\"elementor-heading-title elementor-size-default\">Mardi 14 octobre<\/h4>\t\t\t\t<\/div>\n\t\t\t\t<\/div>\n\t\t\t\t<div class=\"elementor-element elementor-element-529489e elementor-widget elementor-widget-text-editor\" data-id=\"529489e\" data-element_type=\"widget\" data-widget_type=\"text-editor.default\">\n\t\t\t\t<div class=\"elementor-widget-container\">\n\t\t\t\t\t\t\t\t\t<p>Les gazelles sont les entreprises qui ont connu la plus forte croissance au cours des cinq derni\u00e8res ann\u00e9es. Les prix sont d\u00e9cern\u00e9s aux meilleures entreprises dans trois cat\u00e9gories : les petites, les moyennes et enfin les grandes entreprises.<\/p>\n<p>En r\u00e9servant une table au Transport &amp; Logistics Gazelles 2025, vous offrez \u00e0 vos collaborateurs, clients ou prospects la possibilit\u00e9 de profiter d&rsquo;un \u00e9v\u00e9nement exclusif. En plus de la remise des prix, nous vous proposons cette ann\u00e9e un Business Summit, un repas gastronomique compos\u00e9 par un chef \u00e9toil\u00e9, une animation musicale et un after-drink avec possibilit\u00e9 de r\u00e9seautage. L&rsquo;utile et l&rsquo;agr\u00e9able combin\u00e9s de mani\u00e8re particuli\u00e8rement originale !<\/p>\n<p><strong>Vous souhaitez r\u00e9server des places ou des tables pour cet \u00e9v\u00e9nement VIP ? N&rsquo;h\u00e9sitez pas \u00e0 contacter Transportmedia (<a href=\"mailto:info@transportmedia.be\">info@transportmedia.be<\/a> ou 016 22 11 31) ou inscrivez-vous via le formulaire ci-dessous.<\/strong><\/p>\n\t\t\t\t\t\t\t\t<\/div>\n\t\t\t\t<\/div>\n\t\t\t\t<div class=\"elementor-element elementor-element-cf77225 elementor-align-left elementor-widget elementor-widget-dynamic-button\" data-id=\"cf77225\" data-element_type=\"widget\" data-widget_type=\"dynamic-button.default\">\n\t\t\t\t<div class=\"elementor-widget-container\">\n\t\t\t\t\t        <div class=\"elementor-button-wrapper\">\n            <a href=\"https:\/\/transportmedia.be\/event\/transport-logistics-gazellen-2025\/\" target=\"_blank\" class=\"elementor-button-link elementor-button elementor-size-sm\" role=\"button\">\n                        <span class=\"elementor-button-content-wrapper\">\n\t\t\t\t\t\t<span class=\"elementor-button-text\">Enregistrez-vous ici<\/span>\n\t\t<\/span>\n                    <\/a>\n        <\/div>\n        \t\t\t\t<\/div>\n\t\t\t\t<\/div>\n\t\t\t\t<\/div>\n\t\t\t\t<\/div>\n\t\t<div class=\"elementor-element elementor-element-239a8b4 e-con-full e-flex e-con e-child\" data-id=\"239a8b4\" data-element_type=\"container\" data-settings=\"{&quot;background_background&quot;:&quot;classic&quot;}\">\n\t\t<div class=\"elementor-element elementor-element-c18ab4e e-con-full e-flex e-con e-child\" data-id=\"c18ab4e\" data-element_type=\"container\">\n\t\t\t\t<div class=\"elementor-element elementor-element-34d265a elementor-widget elementor-widget-heading\" data-id=\"34d265a\" data-element_type=\"widget\" data-widget_type=\"heading.default\">\n\t\t\t\t<div class=\"elementor-widget-container\">\n\t\t\t\t\t<h2 class=\"elementor-heading-title elementor-size-default\">Petit-d\u00e9jeuner ING<\/h2>\t\t\t\t<\/div>\n\t\t\t\t<\/div>\n\t\t\t\t<div class=\"elementor-element elementor-element-5ee69b7 elementor-widget elementor-widget-heading\" data-id=\"5ee69b7\" data-element_type=\"widget\" data-widget_type=\"heading.default\">\n\t\t\t\t<div class=\"elementor-widget-container\">\n\t\t\t\t\t<h4 class=\"elementor-heading-title elementor-size-default\">Mercredi 15 octobre<\/h4>\t\t\t\t<\/div>\n\t\t\t\t<\/div>\n\t\t\t\t<div class=\"elementor-element elementor-element-c4924d5 elementor-widget elementor-widget-text-editor\" data-id=\"c4924d5\" data-element_type=\"widget\" data-widget_type=\"text-editor.default\">\n\t\t\t\t<div class=\"elementor-widget-container\">\n\t\t\t\t\t\t\t\t\t<p>Petit-d\u00e9jeuner avec \u00e9tude de cas :<\/p>\n<p><strong>Vent contraire et vent favorable dans la d\u00e9carbonisation et la num\u00e9risation du secteur portuaire, des transports et de la logistique en Belgique.<\/strong><\/p>\n<p>Intervenants :<\/p>\n<ul>\n<li>Lawrence Vanhove &#8211; Responsable Transport &amp; Logistique, ING Belgique<\/li>\n<li>Theo Notteboom &#8211; Professeur d&rsquo;\u00e9conomie portuaire et maritime<\/li>\n<li>Kris Neyens &#8211; Responsable Internationalisation, VIL<\/li>\n<\/ul>\n\t\t\t\t\t\t\t\t<\/div>\n\t\t\t\t<\/div>\n\t\t\t\t<\/div>\n\t\t<div class=\"elementor-element elementor-element-33bb8a7 e-con-full e-flex e-con e-child\" data-id=\"33bb8a7\" data-element_type=\"container\" data-settings=\"{&quot;background_background&quot;:&quot;slideshow&quot;,&quot;background_slideshow_gallery&quot;:[{&quot;id&quot;:96176,&quot;url&quot;:&quot;https:\\\/\\\/www.transport-logistics.be\\\/wp-content\\\/uploads\\\/sites\\\/239\\\/2025\\\/08\\\/ING-logo.png&quot;},{&quot;id&quot;:96589,&quot;url&quot;:&quot;https:\\\/\\\/www.transport-logistics.be\\\/wp-content\\\/uploads\\\/sites\\\/239\\\/2025\\\/08\\\/53305121560_8fe6b509c1_b.jpg&quot;},{&quot;id&quot;:96592,&quot;url&quot;:&quot;https:\\\/\\\/www.transport-logistics.be\\\/wp-content\\\/uploads\\\/sites\\\/239\\\/2025\\\/08\\\/53303780667_42ac54d2f4_b.jpg&quot;},{&quot;id&quot;:96595,&quot;url&quot;:&quot;https:\\\/\\\/www.transport-logistics.be\\\/wp-content\\\/uploads\\\/sites\\\/239\\\/2025\\\/08\\\/53304888363_f625736940_b.jpg&quot;},{&quot;id&quot;:96598,&quot;url&quot;:&quot;https:\\\/\\\/www.transport-logistics.be\\\/wp-content\\\/uploads\\\/sites\\\/239\\\/2025\\\/08\\\/53304663991_b8ac7ec86d_b.jpg&quot;},{&quot;id&quot;:96601,&quot;url&quot;:&quot;https:\\\/\\\/www.transport-logistics.be\\\/wp-content\\\/uploads\\\/sites\\\/239\\\/2025\\\/08\\\/53305032269_8986e43d29_b.jpg&quot;},{&quot;id&quot;:96610,&quot;url&quot;:&quot;https:\\\/\\\/www.transport-logistics.be\\\/wp-content\\\/uploads\\\/sites\\\/239\\\/2025\\\/08\\\/53304330186_8106373be3_b-1.jpg&quot;},{&quot;id&quot;:96616,&quot;url&quot;:&quot;https:\\\/\\\/www.transport-logistics.be\\\/wp-content\\\/uploads\\\/sites\\\/239\\\/2025\\\/08\\\/53304330306_a4140df0cf_b.jpg&quot;},{&quot;id&quot;:96619,&quot;url&quot;:&quot;https:\\\/\\\/www.transport-logistics.be\\\/wp-content\\\/uploads\\\/sites\\\/239\\\/2025\\\/08\\\/53304697744_107c01140b_b.jpg&quot;},{&quot;id&quot;:96625,&quot;url&quot;:&quot;https:\\\/\\\/www.transport-logistics.be\\\/wp-content\\\/uploads\\\/sites\\\/239\\\/2025\\\/08\\\/53304697829_ce3ea1eeaf_b.jpg&quot;},{&quot;id&quot;:96634,&quot;url&quot;:&quot;https:\\\/\\\/www.transport-logistics.be\\\/wp-content\\\/uploads\\\/sites\\\/239\\\/2025\\\/08\\\/53304808600_9bc2770fe4_b.jpg&quot;}],&quot;background_slideshow_slide_duration&quot;:2000,&quot;background_slideshow_loop&quot;:&quot;yes&quot;,&quot;background_slideshow_slide_transition&quot;:&quot;fade&quot;,&quot;background_slideshow_transition_duration&quot;:500}\">\n\t\t\t\t<\/div>\n\t\t\t\t<\/div>\n\t\t\t\t\t<\/div>\n\t\t\t\t<\/div>\n\t\t\t\t<\/div>\n\t\t<div class=\"elementor-element elementor-element-a1a72e6 e-con-full e-flex e-con e-parent\" data-id=\"a1a72e6\" data-element_type=\"container\" data-settings=\"{&quot;background_background&quot;:&quot;classic&quot;}\">\n\t\t<div class=\"elementor-element elementor-element-32259b2 e-flex e-con-boxed e-con e-child\" data-id=\"32259b2\" data-element_type=\"container\">\n\t\t\t\t\t<div class=\"e-con-inner\">\n\t\t<div class=\"elementor-element elementor-element-e42c1e4 e-con-full e-flex e-con e-child\" data-id=\"e42c1e4\" data-element_type=\"container\" data-settings=\"{&quot;background_background&quot;:&quot;classic&quot;}\">\n\t\t<div class=\"elementor-element elementor-element-9a01fc7 e-con-full e-flex e-con e-child\" data-id=\"9a01fc7\" data-element_type=\"container\" data-settings=\"{&quot;background_background&quot;:&quot;classic&quot;}\">\n\t\t\t\t<\/div>\n\t\t<div class=\"elementor-element elementor-element-f1e8b71 e-con-full e-flex e-con e-child\" data-id=\"f1e8b71\" data-element_type=\"container\">\n\t\t\t\t<div class=\"elementor-element elementor-element-fab9db2 elementor-widget elementor-widget-heading\" data-id=\"fab9db2\" data-element_type=\"widget\" data-widget_type=\"heading.default\">\n\t\t\t\t<div class=\"elementor-widget-container\">\n\t\t\t\t\t<h2 class=\"elementor-heading-title elementor-size-default\">Maritieme pint<\/h2>\t\t\t\t<\/div>\n\t\t\t\t<\/div>\n\t\t\t\t<div class=\"elementor-element elementor-element-c238779 elementor-widget elementor-widget-heading\" data-id=\"c238779\" data-element_type=\"widget\" data-widget_type=\"heading.default\">\n\t\t\t\t<div class=\"elementor-widget-container\">\n\t\t\t\t\t<h4 class=\"elementor-heading-title elementor-size-default\">Mercredi 15 octobre<\/h4>\t\t\t\t<\/div>\n\t\t\t\t<\/div>\n\t\t\t\t<div class=\"elementor-element elementor-element-fa6eb58 elementor-widget elementor-widget-text-editor\" data-id=\"fa6eb58\" data-element_type=\"widget\" data-widget_type=\"text-editor.default\">\n\t\t\t\t<div class=\"elementor-widget-container\">\n\t\t\t\t\t\t\t\t\t<p>Le mercredi soir, pendant <strong>Transport &amp; Logistics, nous vous invitons \u00e0 la Maritieme Pint<\/strong>, un ap\u00e9ritif d\u00e9contract\u00e9 organis\u00e9 par l&rsquo;ATC (Antwerp Traffic Club). Venez d\u00e9guster une bi\u00e8re fra\u00eeche, de d\u00e9licieux amuse-bouches et profiter d&rsquo;une bonne compagnie au c\u0153ur du secteur maritime et logistique. <strong>L&rsquo;occasion id\u00e9ale pour r\u00e9seauter, discuter et nouer de nouveaux contacts dans une ambiance d\u00e9contract\u00e9e.<\/strong> Ne manquez pas ce classique !<\/p>\n\t\t\t\t\t\t\t\t<\/div>\n\t\t\t\t<\/div>\n\t\t\t\t<\/div>\n\t\t\t\t<\/div>\n\t\t<div class=\"elementor-element elementor-element-a2dcc4a e-con-full e-flex e-con e-child\" data-id=\"a2dcc4a\" data-element_type=\"container\" data-settings=\"{&quot;background_background&quot;:&quot;classic&quot;}\">\n\t\t<div class=\"elementor-element elementor-element-207f745 e-con-full e-flex e-con e-child\" data-id=\"207f745\" data-element_type=\"container\">\n\t\t<div class=\"elementor-element elementor-element-02abed0 e-con-full e-flex e-con e-child\" data-id=\"02abed0\" data-element_type=\"container\">\n\t\t\t\t<div class=\"elementor-element elementor-element-2b31321 elementor-widget elementor-widget-heading\" data-id=\"2b31321\" data-element_type=\"widget\" data-widget_type=\"heading.default\">\n\t\t\t\t<div class=\"elementor-widget-container\">\n\t\t\t\t\t<h2 class=\"elementor-heading-title elementor-size-default\">Job Day - TL Hub<\/h2>\t\t\t\t<\/div>\n\t\t\t\t<\/div>\n\t\t\t\t<div class=\"elementor-element elementor-element-efb7c2f elementor-widget elementor-widget-heading\" data-id=\"efb7c2f\" data-element_type=\"widget\" data-widget_type=\"heading.default\">\n\t\t\t\t<div class=\"elementor-widget-container\">\n\t\t\t\t\t<h4 class=\"elementor-heading-title elementor-size-default\">Jeudi 16 octobre<\/h4>\t\t\t\t<\/div>\n\t\t\t\t<\/div>\n\t\t\t\t<div class=\"elementor-element elementor-element-aa2359b elementor-widget elementor-widget-heading\" data-id=\"aa2359b\" data-element_type=\"widget\" data-widget_type=\"heading.default\">\n\t\t\t\t<div class=\"elementor-widget-container\">\n\t\t\t\t\t<h6 class=\"elementor-heading-title elementor-size-default\">10h00 - 13h00<\/h6>\t\t\t\t<\/div>\n\t\t\t\t<\/div>\n\t\t\t\t<div class=\"elementor-element elementor-element-c5cd158 elementor-widget elementor-widget-text-editor\" data-id=\"c5cd158\" data-element_type=\"widget\" data-widget_type=\"text-editor.default\">\n\t\t\t\t<div class=\"elementor-widget-container\">\n\t\t\t\t\t\t\t\t\t<p data-start=\"0\" data-end=\"361\">Transport &amp; Logistics est \u00e9galement le lieu de rencontre pour les entreprises qui recrutent et les talents de la logistique. TL Hub, la principale plateforme belge de recrutement pour le transport et la logistique, organise une Journ\u00e9e de l\u2019Emploi lors du salon. Vous \u00eates passionn\u00e9 par le secteur et \u00e0 la recherche d\u2019un nouveau d\u00e9fi ?<\/p>\n<p><\/p>\n<p data-start=\"363\" data-end=\"392\" data-is-last-node=\"\" data-is-only-node=\"\">Entreprises participantes :<\/p>\n\t\t\t\t\t\t\t\t<\/div>\n\t\t\t\t<\/div>\n\t\t<div class=\"elementor-element elementor-element-bfc7e4a e-grid e-con-full e-con e-child\" data-id=\"bfc7e4a\" data-element_type=\"container\">\n\t\t\t\t<div class=\"elementor-element elementor-element-a0e591b elementor-widget elementor-widget-text-editor\" data-id=\"a0e591b\" data-element_type=\"widget\" data-widget_type=\"text-editor.default\">\n\t\t\t\t<div class=\"elementor-widget-container\">\n\t\t\t\t\t\t\t\t\t<ul>\n<li>MSC<\/li>\n<li>Colruyt Group<\/li>\n<li>Homini<\/li>\n<li>Start People<\/li>\n<li>Gheeraert<\/li>\n<li>B-Close<\/li>\n<\/ul>\n\t\t\t\t\t\t\t\t<\/div>\n\t\t\t\t<\/div>\n\t\t\t\t<div class=\"elementor-element elementor-element-6c3706e elementor-widget elementor-widget-text-editor\" data-id=\"6c3706e\" data-element_type=\"widget\" data-widget_type=\"text-editor.default\">\n\t\t\t\t<div class=\"elementor-widget-container\">\n\t\t\t\t\t\t\t\t\t<ul>\n<li>CMA CGM<\/li>\n<li>Jost Group<\/li>\n<li>ICTS Group<\/li>\n<li>TMC Europe<\/li>\n<li>Luyckx NV<\/li>\n<\/ul>\n\t\t\t\t\t\t\t\t<\/div>\n\t\t\t\t<\/div>\n\t\t\t\t<\/div>\n\t\t\t\t<div class=\"elementor-element elementor-element-f974b86 elementor-align-left elementor-widget elementor-widget-dynamic-button\" data-id=\"f974b86\" data-element_type=\"widget\" data-widget_type=\"dynamic-button.default\">\n\t\t\t\t<div class=\"elementor-widget-container\">\n\t\t\t\t\t        <div class=\"elementor-button-wrapper\">\n            <a href=\"https:\/\/www.tl-hub.be\/fr\/job-days\/job-day-in-antwerpxl\" target=\"_blank\" class=\"elementor-button-link elementor-button elementor-size-sm\" role=\"button\">\n                        <span class=\"elementor-button-content-wrapper\">\n\t\t\t\t\t\t<span class=\"elementor-button-text\">Enregistrez-vous ici<\/span>\n\t\t<\/span>\n                    <\/a>\n        <\/div>\n        \t\t\t\t<\/div>\n\t\t\t\t<\/div>\n\t\t\t\t<\/div>\n\t\t\t\t<div class=\"elementor-element elementor-element-c7acd2a elementor-widget elementor-widget-text-editor\" data-id=\"c7acd2a\" data-element_type=\"widget\" data-widget_type=\"text-editor.default\">\n\t\t\t\t<div class=\"elementor-widget-container\">\n\t\t\t\t\t\t\t\t\t<p>Ou contactez Kim Lousberg (<a href=\"mailto:kim.lousberg@tl-hub.be\">kim.lousberg@tl-hub.be<\/a> ou 0492 50 41 16).<\/p>\n\t\t\t\t\t\t\t\t<\/div>\n\t\t\t\t<\/div>\n\t\t\t\t<\/div>\n\t\t<div class=\"elementor-element elementor-element-4ba924e e-con-full e-flex e-con e-child\" data-id=\"4ba924e\" data-element_type=\"container\" data-settings=\"{&quot;background_background&quot;:&quot;classic&quot;}\">\n\t\t\t\t<\/div>\n\t\t\t\t<\/div>\n\t\t<div class=\"elementor-element elementor-element-b706b7b e-con-full e-flex e-con e-child\" data-id=\"b706b7b\" data-element_type=\"container\" data-settings=\"{&quot;background_background&quot;:&quot;classic&quot;}\">\n\t\t<div class=\"elementor-element elementor-element-f6f4404 e-con-full e-flex e-con e-child\" data-id=\"f6f4404\" data-element_type=\"container\" data-settings=\"{&quot;background_background&quot;:&quot;slideshow&quot;,&quot;background_slideshow_gallery&quot;:[{&quot;id&quot;:6952,&quot;url&quot;:&quot;https:\\\/\\\/www.transport-logistics.be\\\/wp-content\\\/uploads\\\/sites\\\/239\\\/2021\\\/07\\\/jongerenproframma_small.jpg&quot;},{&quot;id&quot;:96579,&quot;url&quot;:&quot;https:\\\/\\\/www.transport-logistics.be\\\/wp-content\\\/uploads\\\/sites\\\/239\\\/2025\\\/08\\\/53304578293_05106e5476_b.jpg&quot;},{&quot;id&quot;:91323,&quot;url&quot;:&quot;https:\\\/\\\/www.transport-logistics.be\\\/wp-content\\\/uploads\\\/sites\\\/239\\\/2025\\\/06\\\/53304815485_0e31a13aba_c.jpg&quot;}],&quot;background_slideshow_slide_duration&quot;:2000,&quot;background_slideshow_loop&quot;:&quot;yes&quot;,&quot;background_slideshow_slide_transition&quot;:&quot;fade&quot;,&quot;background_slideshow_transition_duration&quot;:500}\">\n\t\t\t\t<\/div>\n\t\t<div class=\"elementor-element elementor-element-14d524a e-con-full e-flex e-con e-child\" data-id=\"14d524a\" data-element_type=\"container\">\n\t\t\t\t<div class=\"elementor-element elementor-element-b1487ca elementor-widget elementor-widget-heading\" data-id=\"b1487ca\" data-element_type=\"widget\" data-widget_type=\"heading.default\">\n\t\t\t\t<div class=\"elementor-widget-container\">\n\t\t\t\t\t<h2 class=\"elementor-heading-title elementor-size-default\">Programme jeunesse<\/h2>\t\t\t\t<\/div>\n\t\t\t\t<\/div>\n\t\t\t\t<div class=\"elementor-element elementor-element-b495e42 elementor-widget elementor-widget-heading\" data-id=\"b495e42\" data-element_type=\"widget\" data-widget_type=\"heading.default\">\n\t\t\t\t<div class=\"elementor-widget-container\">\n\t\t\t\t\t<h4 class=\"elementor-heading-title elementor-size-default\">14 - 15 -16 octobre<\/h4>\t\t\t\t<\/div>\n\t\t\t\t<\/div>\n\t\t\t\t<div class=\"elementor-element elementor-element-495b309 elementor-widget elementor-widget-text-editor\" data-id=\"495b309\" data-element_type=\"widget\" data-widget_type=\"text-editor.default\">\n\t\t\t\t<div class=\"elementor-widget-container\">\n\t\t\t\t\t\t\t\t\t<p><strong>Easyfairs<\/strong> et <strong>LOGOS<\/strong> s&rsquo;associent pour proposer un programme extr\u00eamement instructif.<\/p>\n\t\t\t\t\t\t\t\t<\/div>\n\t\t\t\t<\/div>\n\t\t\t\t<div class=\"elementor-element elementor-element-19835bc elementor-widget elementor-widget-heading\" data-id=\"19835bc\" data-element_type=\"widget\" data-widget_type=\"heading.default\">\n\t\t\t\t<div class=\"elementor-widget-container\">\n\t\t\t\t\t<h5 class=\"elementor-heading-title elementor-size-default\">Inscrivez-vous avec votre \u00e9cole<\/h5>\t\t\t\t<\/div>\n\t\t\t\t<\/div>\n\t\t\t\t<div class=\"elementor-element elementor-element-a714fde elementor-widget elementor-widget-text-editor\" data-id=\"a714fde\" data-element_type=\"widget\" data-widget_type=\"text-editor.default\">\n\t\t\t\t<div class=\"elementor-widget-container\">\n\t\t\t\t\t\t\t\t\t<p>Vous recevrez un e-mail de LOGOS avec le programme. R\u00e9pondez \u00e0 cet e-mail en indiquant votre nom, votre adresse e-mail, la date et le nombre de visiteurs. Vous n&rsquo;avez pas re\u00e7u d&rsquo;e-mail ? Contactez alors <a href=\"mailto:sectorconsulenten@logosinform.be\">sectorconsulenten@logosinform.be<\/a> ou le 03 221 99 75.<br \/>La participation au programme pour les jeunes doit \u00eatre approuv\u00e9e par LOGOS et Easyfairs.<\/p>\n<p>Les visites scolaires en dehors du programme pour les jeunes ne sont pas autoris\u00e9es.<\/p>\n\t\t\t\t\t\t\t\t<\/div>\n\t\t\t\t<\/div>\n\t\t\t\t<div class=\"elementor-element elementor-element-ccf6b8e elementor-align-left elementor-widget elementor-widget-dynamic-button\" data-id=\"ccf6b8e\" data-element_type=\"widget\" data-widget_type=\"dynamic-button.default\">\n\t\t\t\t<div class=\"elementor-widget-container\">\n\t\t\t\t\t        <div class=\"elementor-button-wrapper\">\n            <a href=\"mailto:\/\/sectorconsulenten@logosinform.be\" target=\"_blank\" class=\"elementor-button-link elementor-button elementor-size-sm\" role=\"button\">\n                        <span class=\"elementor-button-content-wrapper\">\n\t\t\t\t\t\t<span class=\"elementor-button-text\">Contact Logos<\/span>\n\t\t<\/span>\n                    <\/a>\n        <\/div>\n        \t\t\t\t<\/div>\n\t\t\t\t<\/div>\n\t\t\t\t<\/div>\n\t\t\t\t<\/div>\n\t\t\t\t\t<\/div>\n\t\t\t\t<\/div>\n\t\t\t\t<\/div>\n\t\t\t\t<\/div>\n\t\t","protected":false},"excerpt":{"rendered":"<p>R\u00e9seautage sur Transport &amp; Logistics Transport &amp; Logistics 2025 est l&rsquo;endroit id\u00e9al pour nouer de nouveaux contacts et renforcer les relations existantes. Rencontrez des coll\u00e8gues du secteur, partagez vos connaissances et d\u00e9couvrez des opportunit\u00e9s de collaborations fructueuses. Au cours des diff\u00e9rentes activit\u00e9s de r\u00e9seautage, vous d\u00e9couvrirez les nombreuses possibilit\u00e9s d&rsquo;engager la conversation et d&rsquo;\u00e9largir votre [&hellip;]<\/p>\n","protected":false},"author":949,"featured_media":0,"parent":0,"menu_order":0,"comment_status":"closed","ping_status":"closed","template":"","meta":{"_seopress_robots_primary_cat":"","_seopress_titles_title":"R\u00e9sautage | Transport & Logistics Antwerpen","_seopress_titles_desc":"Venez rencontrer des professionnels du secteur lors du salon Transport & Logistics.","_seopress_robots_index":"","footnotes":""},"class_list":["post-100721","page","type-page","status-publish","hentry"],"_links":{"self":[{"href":"https:\/\/www.transport-logistics.be\/fr\/wp-json\/wp\/v2\/pages\/100721","targetHints":{"allow":["GET"]}}],"collection":[{"href":"https:\/\/www.transport-logistics.be\/fr\/wp-json\/wp\/v2\/pages"}],"about":[{"href":"https:\/\/www.transport-logistics.be\/fr\/wp-json\/wp\/v2\/types\/page"}],"author":[{"embeddable":true,"href":"https:\/\/www.transport-logistics.be\/fr\/wp-json\/wp\/v2\/users\/949"}],"replies":[{"embeddable":true,"href":"https:\/\/www.transport-logistics.be\/fr\/wp-json\/wp\/v2\/comments?post=100721"}],"version-history":[{"count":5,"href":"https:\/\/www.transport-logistics.be\/fr\/wp-json\/wp\/v2\/pages\/100721\/revisions"}],"predecessor-version":[{"id":109152,"href":"https:\/\/www.transport-logistics.be\/fr\/wp-json\/wp\/v2\/pages\/100721\/revisions\/109152"}],"wp:attachment":[{"href":"https:\/\/www.transport-logistics.be\/fr\/wp-json\/wp\/v2\/media?parent=100721"}],"curies":[{"name":"wp","href":"https:\/\/api.w.org\/{rel}","templated":true}]}}