{"id":28039,"date":"2023-02-28T16:06:07","date_gmt":"2023-02-28T15:06:07","guid":{"rendered":"https:\/\/www.transport-logistics.be\/logistic-industrial-build\/"},"modified":"2026-07-22T11:16:46","modified_gmt":"2026-07-22T09:16:46","slug":"logistic-industrial-build","status":"publish","type":"page","link":"https:\/\/www.transport-logistics.be\/fr\/logistic-industrial-build\/","title":{"rendered":"Logistic &#038; Industrial Build"},"content":{"rendered":"\t\t<div data-elementor-type=\"wp-page\" data-elementor-id=\"28039\" class=\"elementor elementor-28039 elementor-27371\" data-elementor-post-type=\"page\">\n\t\t\t\t\t\t<section class=\"elementor-section elementor-top-section elementor-element elementor-element-f5fd21f elementor-section-content-middle elementor-section-boxed elementor-section-height-default elementor-section-height-default\" data-id=\"f5fd21f\" data-element_type=\"section\" data-e-type=\"section\">\n\t\t\t\t\t\t<div class=\"elementor-container elementor-column-gap-default\">\n\t\t\t\t\t<div class=\"elementor-column elementor-col-100 elementor-top-column elementor-element elementor-element-a9edbcb\" data-id=\"a9edbcb\" data-element_type=\"column\" data-e-type=\"column\">\n\t\t\t<div class=\"elementor-widget-wrap elementor-element-populated\">\n\t\t\t\t\t\t<div class=\"elementor-element elementor-element-9dbd602 elementor-widget__width-initial elementor-widget elementor-widget-image\" data-id=\"9dbd602\" data-element_type=\"widget\" data-e-type=\"widget\" data-widget_type=\"image.default\">\n\t\t\t\t<div class=\"elementor-widget-container\">\n\t\t\t\t\t\t\t\t\t\t\t\t\t\t\t<img decoding=\"async\" src=\"https:\/\/easyfairsassets.com\/sites\/239\/elementor\/thumbs\/LIB25_Logo_CMYK_Kleur_Horizontaal_Data_Square-r6r8f2kpu3m6f5zjmeghqls51epdvasfczmz6e1dc4.png\" title=\"LIB25_Logo_CMYK_Kleur_Horizontaal_Data_Square\" alt=\"LIB logo\" loading=\"lazy\" \/>\t\t\t\t\t\t\t\t\t\t\t\t\t\t\t<\/div>\n\t\t\t\t<\/div>\n\t\t\t\t\t<\/div>\n\t\t<\/div>\n\t\t\t\t\t<\/div>\n\t\t<\/section>\n\t\t\t\t<section class=\"elementor-section elementor-top-section elementor-element elementor-element-e34d359 elementor-section-boxed elementor-section-height-default elementor-section-height-default\" data-id=\"e34d359\" data-element_type=\"section\" data-e-type=\"section\">\n\t\t\t\t\t\t<div class=\"elementor-container elementor-column-gap-default\">\n\t\t\t\t\t<div class=\"elementor-column elementor-col-50 elementor-top-column elementor-element elementor-element-a9e31e0\" data-id=\"a9e31e0\" data-element_type=\"column\" data-e-type=\"column\">\n\t\t\t<div class=\"elementor-widget-wrap elementor-element-populated\">\n\t\t\t\t\t\t<div class=\"elementor-element elementor-element-6552ab6 elementor-widget elementor-widget-heading\" data-id=\"6552ab6\" data-element_type=\"widget\" data-e-type=\"widget\" data-widget_type=\"heading.default\">\n\t\t\t\t<div class=\"elementor-widget-container\">\n\t\t\t\t\t<h2 class=\"elementor-heading-title elementor-size-default\">Co-location avec Transport &amp; Logistics Antwerp !<\/h2>\t\t\t\t<\/div>\n\t\t\t\t<\/div>\n\t\t\t\t<div class=\"elementor-element elementor-element-7b49664 elementor-widget elementor-widget-text-editor\" data-id=\"7b49664\" data-element_type=\"widget\" data-e-type=\"widget\" data-widget_type=\"text-editor.default\">\n\t\t\t\t<div class=\"elementor-widget-container\">\n\t\t\t\t\t\t\t\t\t<p>Un tout nouvel \u00e9v\u00e9nement, \u00e0 c\u00f4t\u00e9 de Transport &amp; Logistics, fait de Logistic &amp; Industrial Build la plateforme appropri\u00e9e pour pr\u00e9senter vos produits, services ou solutions pour le march\u00e9 de l&rsquo;immobilier industriel et logistique.<\/p>\n<p>En outre, le transport, la logistique et l&rsquo;immobilier logistique correspondent parfaitement \u00e0 la communaut\u00e9.<\/p>\n\t\t\t\t\t\t\t\t<\/div>\n\t\t\t\t<\/div>\n\t\t\t\t<div class=\"elementor-element elementor-element-115ec1a elementor-align-center elementor-widget elementor-widget-button\" data-id=\"115ec1a\" data-element_type=\"widget\" data-e-type=\"widget\" data-widget_type=\"button.default\">\n\t\t\t\t<div class=\"elementor-widget-container\">\n\t\t\t\t\t\t\t\t\t<div class=\"elementor-button-wrapper\">\n\t\t\t\t\t<a class=\"elementor-button elementor-button-link elementor-size-sm\" href=\"https:\/\/www.logistic-industrial-build.be\/\">\n\t\t\t\t\t\t<span class=\"elementor-button-content-wrapper\">\n\t\t\t\t\t\t\t\t\t<span class=\"elementor-button-text\">D\u00e9couvrez Logistic &amp; Industrial Build<\/span>\n\t\t\t\t\t<\/span>\n\t\t\t\t\t<\/a>\n\t\t\t\t<\/div>\n\t\t\t\t\t\t\t\t<\/div>\n\t\t\t\t<\/div>\n\t\t\t\t\t<\/div>\n\t\t<\/div>\n\t\t\t\t<div class=\"elementor-column elementor-col-50 elementor-top-column elementor-element elementor-element-0ef14b1\" data-id=\"0ef14b1\" data-element_type=\"column\" data-e-type=\"column\">\n\t\t\t<div class=\"elementor-widget-wrap elementor-element-populated\">\n\t\t\t\t\t\t<div class=\"elementor-element elementor-element-80b8570 elementor-widget elementor-widget-image\" data-id=\"80b8570\" data-element_type=\"widget\" data-e-type=\"widget\" data-widget_type=\"image.default\">\n\t\t\t\t<div class=\"elementor-widget-container\">\n\t\t\t\t\t\t\t\t\t\t\t\t\t\t\t\t<a href=\"https:\/\/www.logistic-industrial-build.be\/\">\n\t\t\t\t\t\t\t<img fetchpriority=\"high\" decoding=\"async\" width=\"800\" height=\"451\" src=\"https:\/\/easyfairsassets.com\/sites\/239\/2023\/02\/LIB-campagnebeeld-klein.png\" class=\"attachment-large size-large wp-image-27532\" alt=\"Logistic &amp; industrial build header\" srcset=\"https:\/\/easyfairsassets.com\/sites\/239\/2023\/02\/LIB-campagnebeeld-klein.png 900w, https:\/\/easyfairsassets.com\/sites\/239\/2023\/02\/LIB-campagnebeeld-klein-300x169.png 300w, https:\/\/easyfairsassets.com\/sites\/239\/2023\/02\/LIB-campagnebeeld-klein-768x433.png 768w\" sizes=\"(max-width: 800px) 100vw, 800px\" \/>\t\t\t\t\t\t\t\t<\/a>\n\t\t\t\t\t\t\t\t\t\t\t\t\t\t\t<\/div>\n\t\t\t\t<\/div>\n\t\t\t\t\t<\/div>\n\t\t<\/div>\n\t\t\t\t\t<\/div>\n\t\t<\/section>\n\t\t\t\t<section class=\"elementor-section elementor-top-section elementor-element elementor-element-8348be8 elementor-section-boxed elementor-section-height-default elementor-section-height-default\" data-id=\"8348be8\" data-element_type=\"section\" data-e-type=\"section\" data-settings=\"{&quot;background_background&quot;:&quot;classic&quot;}\">\n\t\t\t\t\t\t<div class=\"elementor-container elementor-column-gap-default\">\n\t\t\t\t\t<div class=\"elementor-column elementor-col-33 elementor-top-column elementor-element elementor-element-6cb29c1\" data-id=\"6cb29c1\" data-element_type=\"column\" data-e-type=\"column\" data-settings=\"{&quot;background_background&quot;:&quot;classic&quot;}\">\n\t\t\t<div class=\"elementor-widget-wrap elementor-element-populated\">\n\t\t\t\t\t\t<div class=\"elementor-element elementor-element-b8b5347 elementor-widget elementor-widget-text-editor\" data-id=\"b8b5347\" data-element_type=\"widget\" data-e-type=\"widget\" data-widget_type=\"text-editor.default\">\n\t\t\t\t<div class=\"elementor-widget-container\">\n\t\t\t\t\t\t\t\t\t<h3>Accent suppl\u00e9mentaire sur le march\u00e9 de l&rsquo;immobilier logistique<\/h3>\n\t\t\t\t\t\t\t\t<\/div>\n\t\t\t\t<\/div>\n\t\t\t\t<div class=\"elementor-element elementor-element-4928b50 elementor-widget elementor-widget-text-editor\" data-id=\"4928b50\" data-element_type=\"widget\" data-e-type=\"widget\" data-widget_type=\"text-editor.default\">\n\t\t\t\t<div class=\"elementor-widget-container\">\n\t\t\t\t\t\t\t\t\t<p>En 2021, le volume d&rsquo;investissement dans l&rsquo;immobilier industriel et logistique a atteint le deuxi\u00e8me niveau le plus \u00e9lev\u00e9 jamais enregistr\u00e9 en Belgique. En outre, les prix \u00e9lev\u00e9s de l&rsquo;\u00e9nergie et les convictions climatiques g\u00e9n\u00e9rales mettent \u00e0 l&rsquo;ordre du jour la n\u00e9cessit\u00e9 de rendre les b\u00e2timents industriels et logistiques de plus en plus durables. Les nouveaux b\u00e2timents, ainsi que les utilisateurs existants de l&rsquo;immobilier industriel et logistique, misent de plus en plus sur la r\u00e9alisation de l&rsquo;objectif net z\u00e9ro.<\/p>\n\t\t\t\t\t\t\t\t<\/div>\n\t\t\t\t<\/div>\n\t\t\t\t\t<\/div>\n\t\t<\/div>\n\t\t\t\t<div class=\"elementor-column elementor-col-33 elementor-top-column elementor-element elementor-element-20f69a1\" data-id=\"20f69a1\" data-element_type=\"column\" data-e-type=\"column\" data-settings=\"{&quot;background_background&quot;:&quot;classic&quot;}\">\n\t\t\t<div class=\"elementor-widget-wrap elementor-element-populated\">\n\t\t\t\t\t\t<div class=\"elementor-element elementor-element-7d26130 elementor-widget elementor-widget-text-editor\" data-id=\"7d26130\" data-element_type=\"widget\" data-e-type=\"widget\" data-widget_type=\"text-editor.default\">\n\t\t\t\t<div class=\"elementor-widget-container\">\n\t\t\t\t\t\t\t\t\t<h3>Co-location avec Logistic &amp; Industrial Build<\/h3>\n\t\t\t\t\t\t\t\t<\/div>\n\t\t\t\t<\/div>\n\t\t\t\t<div class=\"elementor-element elementor-element-61d8e59 elementor-widget elementor-widget-text-editor\" data-id=\"61d8e59\" data-element_type=\"widget\" data-e-type=\"widget\" data-widget_type=\"text-editor.default\">\n\t\t\t\t<div class=\"elementor-widget-container\">\n\t\t\t\t\t\t\t\t\t<p>Les <strong>14, 15 et 16 octobre 2025<\/strong>, nous nous r\u00e9jouissons de vous accueillir \u00e0 Antwerp Expo pour la deuxi\u00e8me \u00e9dition de Logistic &amp; Industrial Build.<\/p>\n<p>Tout comme la derni\u00e8re \u00e9dition \u00e0 Gand, Logistic &amp; Industrial Build aura lieu en m\u00eame temps que Transport &amp; Logistics Antwerp !<\/p>\n\t\t\t\t\t\t\t\t<\/div>\n\t\t\t\t<\/div>\n\t\t\t\t<div class=\"elementor-element elementor-element-0b5dd0f elementor-align-center elementor-widget elementor-widget-button\" data-id=\"0b5dd0f\" data-element_type=\"widget\" data-e-type=\"widget\" data-widget_type=\"button.default\">\n\t\t\t\t<div class=\"elementor-widget-container\">\n\t\t\t\t\t\t\t\t\t<div class=\"elementor-button-wrapper\">\n\t\t\t\t\t<a class=\"elementor-button elementor-button-link elementor-size-sm\" href=\"https:\/\/www.logistic-industrial-build.be\/\">\n\t\t\t\t\t\t<span class=\"elementor-button-content-wrapper\">\n\t\t\t\t\t\t\t\t\t<span class=\"elementor-button-text\">Ontdek Logistic &amp; Industrial Build<\/span>\n\t\t\t\t\t<\/span>\n\t\t\t\t\t<\/a>\n\t\t\t\t<\/div>\n\t\t\t\t\t\t\t\t<\/div>\n\t\t\t\t<\/div>\n\t\t\t\t\t<\/div>\n\t\t<\/div>\n\t\t\t\t<div class=\"elementor-column elementor-col-33 elementor-top-column elementor-element elementor-element-6383ee5\" data-id=\"6383ee5\" data-element_type=\"column\" data-e-type=\"column\" data-settings=\"{&quot;background_background&quot;:&quot;classic&quot;}\">\n\t\t\t<div class=\"elementor-widget-wrap elementor-element-populated\">\n\t\t\t\t\t\t<div class=\"elementor-element elementor-element-ab56dd2 elementor-widget elementor-widget-text-editor\" data-id=\"ab56dd2\" data-element_type=\"widget\" data-e-type=\"widget\" data-widget_type=\"text-editor.default\">\n\t\t\t\t<div class=\"elementor-widget-container\">\n\t\t\t\t\t\t\t\t\t<p>Une caisse de r\u00e9sonance pour le march\u00e9 de l&rsquo;immobilier logistique<\/p>\n\t\t\t\t\t\t\t\t<\/div>\n\t\t\t\t<\/div>\n\t\t\t\t<div class=\"elementor-element elementor-element-5d24c6a elementor-widget elementor-widget-text-editor\" data-id=\"5d24c6a\" data-element_type=\"widget\" data-e-type=\"widget\" data-widget_type=\"text-editor.default\">\n\t\t\t\t<div class=\"elementor-widget-container\">\n\t\t\t\t\t\t\t\t\t<p>Gr\u00e2ce \u00e0 cette colocation, le secteur de l&rsquo;immobilier logistique est \u00e9galement en contact avec les d\u00e9cideurs du monde de la logistique et vice versa.<\/p>\n\t\t\t\t\t\t\t\t<\/div>\n\t\t\t\t<\/div>\n\t\t\t\t\t<\/div>\n\t\t<\/div>\n\t\t\t\t\t<\/div>\n\t\t<\/section>\n\t\t\t\t<section class=\"elementor-section elementor-top-section elementor-element elementor-element-675a910 elementor-section-boxed elementor-section-height-default elementor-section-height-default\" data-id=\"675a910\" data-element_type=\"section\" data-e-type=\"section\" data-settings=\"{&quot;background_background&quot;:&quot;classic&quot;}\">\n\t\t\t\t\t\t<div class=\"elementor-container elementor-column-gap-default\">\n\t\t\t\t\t<div class=\"elementor-column elementor-col-50 elementor-top-column elementor-element elementor-element-47dacef\" data-id=\"47dacef\" data-element_type=\"column\" data-e-type=\"column\" data-settings=\"{&quot;background_background&quot;:&quot;classic&quot;}\">\n\t\t\t<div class=\"elementor-widget-wrap elementor-element-populated\">\n\t\t\t\t\t\t<div class=\"elementor-element elementor-element-a623977 elementor-widget elementor-widget-heading\" data-id=\"a623977\" data-element_type=\"widget\" data-e-type=\"widget\" data-widget_type=\"heading.default\">\n\t\t\t\t<div class=\"elementor-widget-container\">\n\t\t\t\t\t<h2 class=\"elementor-heading-title elementor-size-default\">Quels sont les exposants d\u00e9j\u00e0 pr\u00e9sents ?<\/h2>\t\t\t\t<\/div>\n\t\t\t\t<\/div>\n\t\t\t\t<div class=\"elementor-element elementor-element-34c1b68 elementor-widget elementor-widget-text-editor\" data-id=\"34c1b68\" data-element_type=\"widget\" data-e-type=\"widget\" data-widget_type=\"text-editor.default\">\n\t\t\t\t<div class=\"elementor-widget-container\">\n\t\t\t\t\t\t\t\t\t<p>Pour l&rsquo;\u00e9dition de Logistic &amp; Industrial Build qui se poursuit en m\u00eame temps que Transport &amp; Logistics 2025, de nombreux acteurs du secteur se sont d\u00e9j\u00e0 inscrits. D\u00e9couvrez ici qui est d\u00e9j\u00e0 pr\u00e9sent sur le march\u00e9 de l&rsquo;immobilier logistique lors de cette co-localisation unique ! Souhaitez-vous \u00e9galement participer \u00e0 Logistic &amp; Industrial Build ? C&rsquo;est possible !<\/p>\n\t\t\t\t\t\t\t\t<\/div>\n\t\t\t\t<\/div>\n\t\t\t\t\t<\/div>\n\t\t<\/div>\n\t\t\t\t<div class=\"elementor-column elementor-col-25 elementor-top-column elementor-element elementor-element-db1e48c\" data-id=\"db1e48c\" data-element_type=\"column\" data-e-type=\"column\" data-settings=\"{&quot;background_background&quot;:&quot;classic&quot;}\">\n\t\t\t<div class=\"elementor-widget-wrap elementor-element-populated\">\n\t\t\t\t\t\t<div class=\"elementor-element elementor-element-4c3b766 elementor-widget elementor-widget-text-editor\" data-id=\"4c3b766\" data-element_type=\"widget\" data-e-type=\"widget\" data-widget_type=\"text-editor.default\">\n\t\t\t\t<div class=\"elementor-widget-container\">\n\t\t\t\t\t\t\t\t\t<ul>\n<li>ASSA ABLOY Entrance Systems<\/li>\n<li>A-Construct<\/li>\n<li>Arcade<\/li>\n<li>CBRE<\/li>\n<li>Delporte<\/li>\n<li>In Concrete<\/li>\n<li style=\"font-size: 15px;\">MG Real Estate<\/li>\n<\/ul>\n\t\t\t\t\t\t\t\t<\/div>\n\t\t\t\t<\/div>\n\t\t\t\t\t<\/div>\n\t\t<\/div>\n\t\t\t\t<div class=\"elementor-column elementor-col-25 elementor-top-column elementor-element elementor-element-638f46e\" data-id=\"638f46e\" data-element_type=\"column\" data-e-type=\"column\" data-settings=\"{&quot;background_background&quot;:&quot;classic&quot;}\">\n\t\t\t<div class=\"elementor-widget-wrap elementor-element-populated\">\n\t\t\t\t\t\t<div class=\"elementor-element elementor-element-14bd95d elementor-widget elementor-widget-text-editor\" data-id=\"14bd95d\" data-element_type=\"widget\" data-e-type=\"widget\" data-widget_type=\"text-editor.default\">\n\t\t\t\t<div class=\"elementor-widget-container\">\n\t\t\t\t\t\t\t\t\t<ul>\n<li>Montea<\/li>\n<li>Stadsbader<\/li>\n<li>Van Berlo Bedrijfsvloeren<\/li>\n<li>Van Looy<\/li>\n<li>Vulsteke<\/li>\n<li>Willy Naessens<\/li>\n<li>Winlock<\/li>\n<\/ul>\n\t\t\t\t\t\t\t\t<\/div>\n\t\t\t\t<\/div>\n\t\t\t\t\t<\/div>\n\t\t<\/div>\n\t\t\t\t\t<\/div>\n\t\t<\/section>\n\t\t<div class=\"elementor-element elementor-element-7b803f3 e-flex e-con-boxed e-con e-parent\" data-id=\"7b803f3\" data-element_type=\"container\" data-e-type=\"container\" data-settings=\"{&quot;background_background&quot;:&quot;classic&quot;}\">\n\t\t\t\t\t<div class=\"e-con-inner\">\n\t\t<div class=\"elementor-element elementor-element-4603b82 e-con-full e-flex e-con e-child\" data-id=\"4603b82\" data-element_type=\"container\" data-e-type=\"container\">\n\t\t<div class=\"elementor-element elementor-element-ada6da4 e-con-full e-flex e-con e-child\" data-id=\"ada6da4\" data-element_type=\"container\" data-e-type=\"container\">\n\t\t\t\t<div class=\"elementor-element elementor-element-2f9f118 elementor-widget__width-initial elementor-widget elementor-widget-text-editor\" data-id=\"2f9f118\" data-element_type=\"widget\" data-e-type=\"widget\" data-widget_type=\"text-editor.default\">\n\t\t\t\t<div class=\"elementor-widget-container\">\n\t\t\t\t\t\t\t\t\t<p><strong>Pour plus d&rsquo;informations, veuillez contacter :<\/strong><\/p>\n\t\t\t\t\t\t\t\t<\/div>\n\t\t\t\t<\/div>\n\t\t\t\t<\/div>\n\t\t<div class=\"elementor-element elementor-element-202f86c e-con-full e-flex e-con e-child\" data-id=\"202f86c\" data-element_type=\"container\" data-e-type=\"container\" data-settings=\"{&quot;background_background&quot;:&quot;classic&quot;}\">\n\t\t\t\t<div class=\"elementor-element elementor-element-f1308bf elementor-widget elementor-widget-image\" data-id=\"f1308bf\" data-element_type=\"widget\" data-e-type=\"widget\" data-widget_type=\"image.default\">\n\t\t\t\t<div class=\"elementor-widget-container\">\n\t\t\t\t\t\t\t\t\t\t\t\t\t\t\t<img decoding=\"async\" width=\"390\" height=\"495\" src=\"https:\/\/easyfairsassets.com\/sites\/239\/2025\/10\/Mag-ook.jpg\" class=\"attachment-large size-large wp-image-131083\" alt=\"\" srcset=\"https:\/\/easyfairsassets.com\/sites\/239\/2025\/10\/Mag-ook.jpg 390w, https:\/\/easyfairsassets.com\/sites\/239\/2025\/10\/Mag-ook-236x300.jpg 236w\" sizes=\"(max-width: 390px) 100vw, 390px\" \/>\t\t\t\t\t\t\t\t\t\t\t\t\t\t\t<\/div>\n\t\t\t\t<\/div>\n\t\t\t\t<\/div>\n\t\t<div class=\"elementor-element elementor-element-5cd8cd2 e-con-full e-flex e-con e-child\" data-id=\"5cd8cd2\" data-element_type=\"container\" data-e-type=\"container\">\n\t\t\t\t<div class=\"elementor-element elementor-element-b12c0c8 elementor-widget elementor-widget-heading\" data-id=\"b12c0c8\" data-element_type=\"widget\" data-e-type=\"widget\" data-widget_type=\"heading.default\">\n\t\t\t\t<div class=\"elementor-widget-container\">\n\t\t\t\t\t<h2 class=\"elementor-heading-title elementor-size-default\">V\u00e9ronique Lietaer<\/h2>\t\t\t\t<\/div>\n\t\t\t\t<\/div>\n\t\t\t\t<div class=\"elementor-element elementor-element-c38bfe5 elementor-widget elementor-widget-text-editor\" data-id=\"c38bfe5\" data-element_type=\"widget\" data-e-type=\"widget\" data-widget_type=\"text-editor.default\">\n\t\t\t\t<div class=\"elementor-widget-container\">\n\t\t\t\t\t\t\t\t\t<p>Sales Event Manager<br \/>+32 3 280 53 61<br \/>Veronique.Lietaer@easyfairs.com<\/p>\n\t\t\t\t\t\t\t\t<\/div>\n\t\t\t\t<\/div>\n\t\t\t\t<\/div>\n\t\t\t\t<\/div>\n\t\t\t\t\t<\/div>\n\t\t\t\t<\/div>\n\t\t\t\t<\/div>\n\t\t","protected":false},"excerpt":{"rendered":"<p>Co-location avec Transport &amp; Logistics Antwerp ! Un tout nouvel \u00e9v\u00e9nement, \u00e0 c\u00f4t\u00e9 de Transport &amp; Logistics, fait de Logistic &amp; Industrial Build la plateforme appropri\u00e9e pour pr\u00e9senter vos produits, services ou solutions pour le march\u00e9 de l&rsquo;immobilier industriel et logistique. En outre, le transport, la logistique et l&rsquo;immobilier logistique correspondent parfaitement \u00e0 la communaut\u00e9. [&hellip;]<\/p>\n","protected":false},"author":219,"featured_media":0,"parent":0,"menu_order":0,"comment_status":"closed","ping_status":"closed","template":"","meta":{"_seopress_titles_title":"Logistic & Industrial Build : la caisse de r\u00e9sonance du march\u00e9 de l'immobilier logistique","_seopress_titles_desc":"Co-location avec Transport & Logistics : la combinaison id\u00e9ale pour pr\u00e9senter vos produits, services ou solutions pour le march\u00e9 de l'immobilier industriel et logistique.","_seopress_robots_index":"","_seopress_robots_follow":"","_seopress_robots_imageindex":"","_seopress_robots_snippet":"","_seopress_robots_primary_cat":"","_seopress_robots_breadcrumbs":"","_seopress_robots_freeze_modified_date":"","_seopress_robots_custom_modified_date":"","_seopress_robots_canonical":"","_seopress_social_fb_title":"","_seopress_social_fb_desc":"","_seopress_social_fb_img":"","_seopress_social_fb_img_attachment_id":0,"_seopress_social_fb_img_width":0,"_seopress_social_fb_img_height":0,"_seopress_social_twitter_title":"","_seopress_social_twitter_desc":"","_seopress_social_twitter_img":"","_seopress_social_twitter_img_attachment_id":0,"_seopress_social_twitter_img_width":0,"_seopress_social_twitter_img_height":0,"_seopress_redirections_value":"","_seopress_redirections_enabled":"","_seopress_redirections_enabled_regex":"","_seopress_redirections_logged_status":"both","_seopress_redirections_param":"","_seopress_redirections_type":301,"_seopress_analysis_target_kw":"","_seopress_news_disabled":"","_seopress_video_disabled":"","_seopress_video":[],"_seopress_pro_schemas_manual":[],"_seopress_pro_rich_snippets_disable_all":"","_seopress_pro_rich_snippets_disable":[],"_seopress_pro_schemas":[],"footnotes":""},"class_list":["post-28039","page","type-page","status-publish","hentry"],"_links":{"self":[{"href":"https:\/\/www.transport-logistics.be\/fr\/wp-json\/wp\/v2\/pages\/28039","targetHints":{"allow":["GET"]}}],"collection":[{"href":"https:\/\/www.transport-logistics.be\/fr\/wp-json\/wp\/v2\/pages"}],"about":[{"href":"https:\/\/www.transport-logistics.be\/fr\/wp-json\/wp\/v2\/types\/page"}],"author":[{"embeddable":true,"href":"https:\/\/www.transport-logistics.be\/fr\/wp-json\/wp\/v2\/users\/219"}],"replies":[{"embeddable":true,"href":"https:\/\/www.transport-logistics.be\/fr\/wp-json\/wp\/v2\/comments?post=28039"}],"version-history":[{"count":0,"href":"https:\/\/www.transport-logistics.be\/fr\/wp-json\/wp\/v2\/pages\/28039\/revisions"}],"wp:attachment":[{"href":"https:\/\/www.transport-logistics.be\/fr\/wp-json\/wp\/v2\/media?parent=28039"}],"curies":[{"name":"wp","href":"https:\/\/api.w.org\/{rel}","templated":true}]}}