{"id":4190,"date":"2021-07-29T14:30:00","date_gmt":"2021-07-29T12:30:00","guid":{"rendered":"https:\/\/www.transport-logistics.be\/?page_id=4190"},"modified":"2025-09-30T11:59:56","modified_gmt":"2025-09-30T09:59:56","slug":"programme-jeunesse","status":"publish","type":"page","link":"https:\/\/www.transport-logistics.be\/fr\/programme-jeunesse\/","title":{"rendered":"Programme jeunesse"},"content":{"rendered":"\t\t<div data-elementor-type=\"wp-page\" data-elementor-id=\"4190\" class=\"elementor elementor-4190 elementor-4189\" data-elementor-post-type=\"page\">\n\t\t\t\t<div class=\"elementor-element elementor-element-6b5988d e-con-full e-flex e-con e-parent\" data-id=\"6b5988d\" data-element_type=\"container\" data-settings=\"{&quot;background_background&quot;:&quot;classic&quot;}\">\n\t\t<div class=\"elementor-element elementor-element-749bd00 e-flex e-con-boxed e-con e-child\" data-id=\"749bd00\" data-element_type=\"container\">\n\t\t\t\t\t<div class=\"e-con-inner\">\n\t\t<div class=\"elementor-element elementor-element-4bce68a e-flex e-con-boxed e-con e-child\" data-id=\"4bce68a\" data-element_type=\"container\" data-settings=\"{&quot;background_background&quot;:&quot;classic&quot;}\">\n\t\t\t\t\t<div class=\"e-con-inner\">\n\t\t<div class=\"elementor-element elementor-element-243f883 e-con-full e-flex e-con e-child\" data-id=\"243f883\" data-element_type=\"container\" data-settings=\"{&quot;background_background&quot;:&quot;classic&quot;}\">\n\t\t\t\t<\/div>\n\t\t<div class=\"elementor-element elementor-element-e858ed0 e-con-full e-flex e-con e-child\" data-id=\"e858ed0\" data-element_type=\"container\">\n\t\t\t\t<div class=\"elementor-element elementor-element-215fc7d elementor-widget elementor-widget-heading\" data-id=\"215fc7d\" data-element_type=\"widget\" data-widget_type=\"heading.default\">\n\t\t\t\t<div class=\"elementor-widget-container\">\n\t\t\t\t\t<h2 class=\"elementor-heading-title elementor-size-default\">Programme pour la jeunesse<\/h2>\t\t\t\t<\/div>\n\t\t\t\t<\/div>\n\t\t\t\t<div class=\"elementor-element elementor-element-186e5fa elementor-widget elementor-widget-heading\" data-id=\"186e5fa\" data-element_type=\"widget\" data-widget_type=\"heading.default\">\n\t\t\t\t<div class=\"elementor-widget-container\">\n\t\t\t\t\t<h2 class=\"elementor-heading-title elementor-size-default\">14 - 15 - 16 octobre 2025<\/h2>\t\t\t\t<\/div>\n\t\t\t\t<\/div>\n\t\t\t\t<div class=\"elementor-element elementor-element-04a09f9 elementor-widget elementor-widget-text-editor\" data-id=\"04a09f9\" data-element_type=\"widget\" data-widget_type=\"text-editor.default\">\n\t\t\t\t<div class=\"elementor-widget-container\">\n\t\t\t\t\t\t\t\t\t<p>Nos groupes cibles sont les enseignants et les \u00e9tudiants de la nouvelle 3\u00e8me<br \/>licence en commerce international et logistique ainsi que les \u00e9tudiants de la 7\u00e8me<br \/>ann\u00e9e en transport international et exp\u00e9dition de fret, la licence en transport et<br \/>logistique et la premi\u00e8re ann\u00e9e de la licence en gestion de la cha\u00eene d&rsquo;approvisionnement.<\/p>\n<p><strong>Easyfairs<\/strong> et <strong>LOGOS<\/strong> unissent leurs forces pour un programme hautement \u00e9ducatif.<\/p>\n\t\t\t\t\t\t\t\t<\/div>\n\t\t\t\t<\/div>\n\t\t\t\t<\/div>\n\t\t\t\t\t<\/div>\n\t\t\t\t<\/div>\n\t\t<div class=\"elementor-element elementor-element-f0722c2 e-flex e-con-boxed e-con e-child\" data-id=\"f0722c2\" data-element_type=\"container\" data-settings=\"{&quot;background_background&quot;:&quot;classic&quot;}\">\n\t\t\t\t\t<div class=\"e-con-inner\">\n\t\t<div class=\"elementor-element elementor-element-3b4ce05 e-con-full e-flex e-con e-child\" data-id=\"3b4ce05\" data-element_type=\"container\">\n\t\t<div class=\"elementor-element elementor-element-2b78762 e-flex e-con-boxed e-con e-child\" data-id=\"2b78762\" data-element_type=\"container\">\n\t\t\t\t\t<div class=\"e-con-inner\">\n\t\t\t\t<div class=\"elementor-element elementor-element-20ad0bd elementor-widget elementor-widget-heading\" data-id=\"20ad0bd\" data-element_type=\"widget\" data-widget_type=\"heading.default\">\n\t\t\t\t<div class=\"elementor-widget-container\">\n\t\t\t\t\t<h2 class=\"elementor-heading-title elementor-size-default\">inscrivez-vous aupr\u00e8s de votre \u00e9cole<\/h2>\t\t\t\t<\/div>\n\t\t\t\t<\/div>\n\t\t\t\t<div class=\"elementor-element elementor-element-4e2c9ca elementor-widget elementor-widget-text-editor\" data-id=\"4e2c9ca\" data-element_type=\"widget\" data-widget_type=\"text-editor.default\">\n\t\t\t\t<div class=\"elementor-widget-container\">\n\t\t\t\t\t\t\t\t\t<p>Vous recevrez un e-mail de LOGOS avec le programme. Envoyez une r\u00e9ponse avec votre nom, votre adresse \u00e9lectronique, la date et le nombre de visiteurs. Vous n&rsquo;avez pas re\u00e7u d&rsquo;e-mail ? Contactez alors sectorconsulenten@logosinform.be ou 03 221 99 75.<br \/>La participation au Programme Jeunesse doit \u00eatre approuv\u00e9e par LOGOS et Easyfairs.<\/p><p><strong>Les visites scolaires en dehors du Programme Jeunesse ne sont pas autoris\u00e9es.<\/strong><\/p><p><strong>Votre \u00e9cole souhaite-t-elle visiter Transport &amp; Logistics 2025 ? Malheureusement, le programme destin\u00e9 aux \u00e9coles est complet pour cette \u00e9dition.<\/strong><\/p>\t\t\t\t\t\t\t\t<\/div>\n\t\t\t\t<\/div>\n\t\t\t\t\t<\/div>\n\t\t\t\t<\/div>\n\t\t<div class=\"elementor-element elementor-element-d62d3c5 e-flex e-con-boxed e-con e-child\" data-id=\"d62d3c5\" data-element_type=\"container\">\n\t\t\t\t\t<div class=\"e-con-inner\">\n\t\t\t\t<div class=\"elementor-element elementor-element-38ad20a elementor-align-left elementor-widget elementor-widget-dynamic-button\" data-id=\"38ad20a\" data-element_type=\"widget\" data-widget_type=\"dynamic-button.default\">\n\t\t\t\t<div class=\"elementor-widget-container\">\n\t\t\t\t\t        <div class=\"elementor-button-wrapper\">\n            <a href=\"mailto:\/\/sectorconsulenten@logosinform.be\" target=\"_blank\" class=\"elementor-button-link elementor-button elementor-size-sm\" role=\"button\">\n                        <span class=\"elementor-button-content-wrapper\">\n\t\t\t\t\t\t<span class=\"elementor-button-text\">Contact Logos<\/span>\n\t\t<\/span>\n                    <\/a>\n        <\/div>\n        \t\t\t\t<\/div>\n\t\t\t\t<\/div>\n\t\t\t\t<div class=\"elementor-element elementor-element-45457ce elementor-widget elementor-widget-image\" data-id=\"45457ce\" data-element_type=\"widget\" data-widget_type=\"image.default\">\n\t\t\t\t<div class=\"elementor-widget-container\">\n\t\t\t\t\t\t\t\t\t\t\t\t\t\t\t<img decoding=\"async\" width=\"197\" height=\"106\" src=\"https:\/\/easyfairsassets.com\/sites\/239\/2025\/06\/logo-logos.png\" class=\"attachment-medium size-medium wp-image-91322\" alt=\"\" \/>\t\t\t\t\t\t\t\t\t\t\t\t\t\t\t<\/div>\n\t\t\t\t<\/div>\n\t\t\t\t\t<\/div>\n\t\t\t\t<\/div>\n\t\t\t\t<\/div>\n\t\t<div class=\"elementor-element elementor-element-d7674b4 e-con-full e-flex e-con e-child\" data-id=\"d7674b4\" data-element_type=\"container\" data-settings=\"{&quot;background_background&quot;:&quot;classic&quot;}\">\n\t\t\t\t<\/div>\n\t\t\t\t\t<\/div>\n\t\t\t\t<\/div>\n\t\t\t\t\t<\/div>\n\t\t\t\t<\/div>\n\t\t\t\t<\/div>\n\t\t\t\t<\/div>\n\t\t","protected":false},"excerpt":{"rendered":"<p>Programme pour la jeunesse 14 &#8211; 15 &#8211; 16 octobre 2025 Nos groupes cibles sont les enseignants et les \u00e9tudiants de la nouvelle 3\u00e8melicence en commerce international et logistique ainsi que les \u00e9tudiants de la 7\u00e8meann\u00e9e en transport international et exp\u00e9dition de fret, la licence en transport etlogistique et la premi\u00e8re ann\u00e9e de la licence [&hellip;]<\/p>\n","protected":false},"author":1475,"featured_media":0,"parent":0,"menu_order":0,"comment_status":"closed","ping_status":"closed","template":"","meta":{"_seopress_robots_primary_cat":"","_seopress_titles_title":"Programme jeunesse - Transport & Logistics Antwerp","_seopress_titles_desc":"L'avantage par la connaissance dans le secteur du transport et de la logistique - c'est ce dont il s'agit. ","_seopress_robots_index":"","footnotes":""},"class_list":["post-4190","page","type-page","status-publish","hentry"],"_links":{"self":[{"href":"https:\/\/www.transport-logistics.be\/fr\/wp-json\/wp\/v2\/pages\/4190","targetHints":{"allow":["GET"]}}],"collection":[{"href":"https:\/\/www.transport-logistics.be\/fr\/wp-json\/wp\/v2\/pages"}],"about":[{"href":"https:\/\/www.transport-logistics.be\/fr\/wp-json\/wp\/v2\/types\/page"}],"author":[{"embeddable":true,"href":"https:\/\/www.transport-logistics.be\/fr\/wp-json\/wp\/v2\/users\/1475"}],"replies":[{"embeddable":true,"href":"https:\/\/www.transport-logistics.be\/fr\/wp-json\/wp\/v2\/comments?post=4190"}],"version-history":[{"count":5,"href":"https:\/\/www.transport-logistics.be\/fr\/wp-json\/wp\/v2\/pages\/4190\/revisions"}],"predecessor-version":[{"id":126586,"href":"https:\/\/www.transport-logistics.be\/fr\/wp-json\/wp\/v2\/pages\/4190\/revisions\/126586"}],"wp:attachment":[{"href":"https:\/\/www.transport-logistics.be\/fr\/wp-json\/wp\/v2\/media?parent=4190"}],"curies":[{"name":"wp","href":"https:\/\/api.w.org\/{rel}","templated":true}]}}